{"id":3199,"date":"2019-02-23T20:20:18","date_gmt":"2019-02-23T19:20:18","guid":{"rendered":"http:\/\/www.familiekundedeinze.be\/?page_id=3199"},"modified":"2026-01-20T19:58:41","modified_gmt":"2026-01-20T18:58:41","slug":"publicaties-aanbod","status":"publish","type":"page","link":"https:\/\/www.familiekundedeinze.be\/index.php\/publicaties-aanbod\/","title":{"rendered":"Publicaties aanbod"},"content":{"rendered":"\n<p><strong>Voor bestellingen, afspraak voor afhalen\/verzenden en meer info : <\/strong><\/p>\n\n\n\n<p id=\"Bestellingen\">Plaats uw bestelling\/vraag via <strong><a href=\"https:\/\/www.familiekundedeinze.be\/index.php\/contact\/\" target=\"_blank\" rel=\"noreferrer noopener\">dit formulier<\/a><\/strong><\/p>\n\n\n\n<p>Verzendingskosten:<\/p>\n\n\n\n<ul class=\"wp-block-list\">\n<li>Verzending via WeTransfer: <strong>gratis<\/strong> \u2013 WeTransfer is een gratis dienst. Wij sturen een link naar je e-mailadres \u2013 Hiermee kunnen we bestanden tot 2 Gb overmaken<\/li>\n\n\n\n<li>Verzending meerdere boeken, CD&#8217;s of USB-sticks: vooraf contact opnemen (afhankelijk van het gewicht)<br><\/li>\n<\/ul>\n\n\n\n<p><strong>Rekeningnr. Familiekunde Deinze:<br>IBAN: BE24 0832 7311 6738 \/ BIC: GKCCBEBB<\/strong><\/p>\n\n\n\n<p>Alle publicaties kunnen in ons archief worden geraadpleegd.<\/p>\n\n\n\n<hr class=\"wp-block-separator has-alpha-channel-opacity\"\/>\n\n\n\n<h2 class=\"wp-block-heading\">Weldaad en straf &#8211; Nieuwe uitgave bij FV Deinze<\/h2>\n\n\n\n<p>In de Rijksweldadigheidskolonie van Merksplas en Wortel (prov. Antwerpen) werden veel personen gedwongen opgenomen en verplicht aan het werk gesteld. Ze moesten in een \u2018gezonde en groene omgeving\u2019 het land leren bewerken, naar school gaan en vooral discipline krijgen. Het motto was vooral \u2018de mens vormt het land en het land vormt de mens\u2019.<\/p>\n\n\n<div class=\"wp-block-image is-style-default\">\n<figure class=\"alignright size-full is-resized\"><img loading=\"lazy\" decoding=\"async\" width=\"483\" height=\"648\" src=\"https:\/\/www.familiekundedeinze.be\/wp-content\/uploads\/2025\/04\/kaft_boek_Merksplas.jpg\" alt=\"\" class=\"wp-image-7251\" style=\"width:234px;height:314px\" srcset=\"https:\/\/www.familiekundedeinze.be\/wp-content\/uploads\/2025\/04\/kaft_boek_Merksplas.jpg 483w, https:\/\/www.familiekundedeinze.be\/wp-content\/uploads\/2025\/04\/kaft_boek_Merksplas-224x300.jpg 224w\" sizes=\"auto, (max-width: 483px) 100vw, 483px\" \/><\/figure><\/div>\n\n\n<p>Had je geen werk, geen vaste woonplaats en geen middelen van bestaan, dan werd je tot 1993 naar Wortel-&nbsp;of Merksplas-Kolonie gestuurd. Tienduizenden &#8216;landlopers&#8217; (die we nu werkloze daklozen zouden noemen) werden hier tijdelijk verplicht tewerkgesteld in een gezonde groene omgeving.<\/p>\n\n\n\n<p>De gedachte was dat zij hier heropgevoed moesten worden tot volgzame en hardwerkende burgers. Sommige recidivisten kwamen zelfs bij de gendarmerie zichzelf aanmelden om opnieuw te mogen verblijven in de kolonie, dat was voor hen blijkbaar een betere persoonlijke situatie: zonder werk, zonder eten, zonder verblijfplaats.<\/p>\n\n\n\n<p>In dit boek komen de volgende naamgenoten en\/of familie van aan bod:<\/p>\n\n\n\n<p>Edouard Ghequiere, uit Tielt, Camille Gekiere uit Ledegem, Leander Gekiere uit Petegem-Leie, Leon Ghekiere uit Wakken, Ivon Ghekiere uit Oekene, Remi Alfred Ghekiere uit Wielsbeke; Francois Louis Ghekiere uit Nieuwpoort, Vital Eugene Ghequiere uit Izenberge, Henri Joseph Ghesquiere uit Menen, Bernard Joseph Ghesquiere uit Wervik, Pierre Edouard Ghesquiere uit Moorslede, Honor\u00e9 Amand Ghesquiere uit Wervik, Jules Emile Ghesquiere uit Menen, Jean Joseph Ghesquiere uit Komen, Richard Joseph Gehesquiere uit Oostkamp, Henri Ghesquiere uit Menen, Auguste Hannecart fs Julienne Caroline Gesquiere uit Menen, Ange Millecans echtg Sophie Gesquiere uit Brugge, Cyrille Theophile Mernout fs Rosalie Ghesquiere uit Menen, Camille Soenens echtg Virginie Ghesquiere uit Kortrijk, Pierre Alfred Pauwels echtg Marie Ghesquiere uit Otegem, Francois Lestrez echtg Julia Ghesquiere uit Rumes, Bruno Nollet fs Rosalie Ghesquiere uit Passendale, Pierre Braeckeveldt echtg Louise Ghesquiere uit Pittem, Evariste Parmentier fs Barbe Ghesquiere uit Kuurne, Pierre Philippe Vanhoorde echtg Mathilde Ghesquiere uit Gent, Francois Taillieu fs Colette Ghekiere uit Roeselare, Alfred Jerome Ackou fs Marie Victorine Gekiere uit Geluwe. <\/p>\n\n\n\n<p>Het boek heeft 124 bladzijden en is rijk ge\u00efllustreerd met foto\u2019s, geboorte- en overlijdensakten, Pro-Justitia \u2018s, persoonsbeschrijvingen, en nog meer.<\/p>\n\n\n\n<p>Wettelijk Depot :&nbsp; D \/2025 \/ 06530 \/2<\/p>\n\n\n\n<figure class=\"wp-block-table\"><table><tbody><tr><td><strong>Verkrijgbaar in<\/strong><\/td><td><strong>Prijs boek\/CD\/Digitaal<\/strong><\/td><td><strong>Verzendingskosten<\/strong><\/td><\/tr><tr><td>Boekvorm<\/td><td>&nbsp;20 \u20ac<\/td><td>&nbsp;5 \u20ac<\/td><\/tr><tr><td>USB-stick of CD<\/td><td>niet beschikbaar<\/td><td><\/td><\/tr><tr><td>Digitaal (WeTransfer)<\/td><td>niet beschikbaar<\/td><td><\/td><\/tr><tr><td><strong>Opmerking:<\/strong><\/td><td colspan=\"2\">&nbsp;Bij bestelling vermelden &#8220;Boek Merksplas&#8221;<\/td><\/tr><\/tbody><\/table><\/figure>\n\n\n\n<hr class=\"wp-block-separator has-alpha-channel-opacity\"\/>\n\n\n\n<h2 class=\"wp-block-heading\">Index huwelijken te Nevele (6 deelgemeenten) 1796-1920<\/h2>\n\n\n<div class=\"wp-block-image is-style-default\">\n<figure class=\"alignright size-full is-resized\"><img loading=\"lazy\" decoding=\"async\" width=\"359\" height=\"362\" src=\"https:\/\/www.familiekundedeinze.be\/wp-content\/uploads\/2024\/12\/Nevele_klappers_huwelijken_1796-1920.jpg\" alt=\"\" class=\"wp-image-7206\" style=\"width:225px;height:227px\" srcset=\"https:\/\/www.familiekundedeinze.be\/wp-content\/uploads\/2024\/12\/Nevele_klappers_huwelijken_1796-1920.jpg 359w, https:\/\/www.familiekundedeinze.be\/wp-content\/uploads\/2024\/12\/Nevele_klappers_huwelijken_1796-1920-298x300.jpg 298w, https:\/\/www.familiekundedeinze.be\/wp-content\/uploads\/2024\/12\/Nevele_klappers_huwelijken_1796-1920-150x150.jpg 150w, https:\/\/www.familiekundedeinze.be\/wp-content\/uploads\/2024\/12\/Nevele_klappers_huwelijken_1796-1920-50x50.jpg 50w, https:\/\/www.familiekundedeinze.be\/wp-content\/uploads\/2024\/12\/Nevele_klappers_huwelijken_1796-1920-80x80.jpg 80w\" sizes=\"auto, (max-width: 359px) 100vw, 359px\" \/><\/figure><\/div>\n\n\n<p><strong>Versie 2.0 (met aanvulling periode 1911-1920)<\/strong>.<br><strong>Publicatiejaar: 2024<\/strong><br>Alfabetische klappers (op naam van man en op naam van de vrouw) op de huwelijken van de Burgerlijke Stand voor de periode 1796-1920: Nevele, Landegem, Vosselare, Hansbeke, Poesele en Merendree.<br>In de periode van 1911 tot en met 1920 werden in de 6 deelgemeenten 624 huwelijken geregistreerd. Er zijn vanaf 1796 tot en met 1920 in totaal 8.649 huwelijken afgesloten.<br>De geraadpleegde bronnen zijn geraadpleegd in het Rijksarchief en in het<br>Stadsarchief van Deinze.<br><\/p>\n\n\n\n<figure class=\"wp-block-table\"><table><tbody><tr><td><strong>Verkrijgbaar in<\/strong><\/td><td><strong>Prijs boek\/CD\/Digitaal<\/strong><\/td><td><strong>Verzendingskosten<\/strong><\/td><\/tr><tr><td>Boekvorm<\/td><td>&nbsp;niet beschikbaar<\/td><td><\/td><\/tr><tr><td>USB-stick of CD<\/td><td>10 \u20ac<\/td><td>5 \u20ac<\/td><\/tr><tr><td>Digitaal (WeTransfer)<\/td><td>10 \u20ac<\/td><td>0 \u20ac<\/td><\/tr><tr><td><strong>Opmerking:<\/strong><\/td><td colspan=\"2\">&nbsp;<\/td><\/tr><\/tbody><\/table><\/figure>\n\n\n\n<hr class=\"wp-block-separator has-alpha-channel-opacity\"\/>\n\n\n\n<h2 class=\"wp-block-heading\">Proprietaire van huizen en gronden Ghesqui\u00e8re<\/h2>\n\n\n<div class=\"wp-block-image is-style-default\">\n<figure class=\"alignright size-full is-resized\"><img loading=\"lazy\" decoding=\"async\" width=\"350\" height=\"532\" src=\"https:\/\/www.familiekundedeinze.be\/wp-content\/uploads\/2024\/12\/Ghesquiere-boek-FV.jpg\" alt=\"\" class=\"wp-image-7185\" style=\"width:244px;height:370px\" srcset=\"https:\/\/www.familiekundedeinze.be\/wp-content\/uploads\/2024\/12\/Ghesquiere-boek-FV.jpg 350w, https:\/\/www.familiekundedeinze.be\/wp-content\/uploads\/2024\/12\/Ghesquiere-boek-FV-197x300.jpg 197w\" sizes=\"auto, (max-width: 350px) 100vw, 350px\" \/><\/figure><\/div>\n\n\n<p>Auteur:    Claude Gekiere<\/p>\n\n\n\n<p>Wie in Deinze \u201cGhesquiere\u201d zegt denkt onmiddellijk aan de Ghesquierestraat aldaar. Maar van deze man is nu ook geweten dat de villa \u201cZonneschijn\u201d, indertijd zo door Emile Claus hernoemd, ooit en dit gedurende 50 jaren eigendom is geweest van Juste Ghesquiere, een in Rijsel (Fr) geboren man, advocaat van beroep, en kantoorhoudende o.a.in Gent op de Kraanlei. Bovendien bezat deze welgestelde burger, wiens villa destijds \u2018Quabetalinghe\u201d noemde, ook gronden in Astene, Bachte-Maria-Leerne, Deinze en in Deurle. Naast deze informaties worden ook zijn voorouders vernoemd.<\/p>\n\n\n<div class=\"wp-block-image is-style-default\">\n<figure class=\"alignleft size-full is-resized\"><img loading=\"lazy\" decoding=\"async\" width=\"328\" height=\"208\" src=\"https:\/\/www.familiekundedeinze.be\/wp-content\/uploads\/2024\/12\/Ghesquiere-straatnaambord.jpg\" alt=\"\" class=\"wp-image-7190\" style=\"width:271px;height:172px\" srcset=\"https:\/\/www.familiekundedeinze.be\/wp-content\/uploads\/2024\/12\/Ghesquiere-straatnaambord.jpg 328w, https:\/\/www.familiekundedeinze.be\/wp-content\/uploads\/2024\/12\/Ghesquiere-straatnaambord-300x190.jpg 300w\" sizes=\"auto, (max-width: 328px) 100vw, 328px\" \/><\/figure><\/div>\n\n\n<p>Foto\u2019s van zijn begraafplaats in Astene en diverse afschriften van akten van dopen, huwelijken en overlijdens van zijn voorouders vullen de teksten aan.<\/p>\n\n\n\n<p><\/p>\n\n\n\n<p><\/p>\n\n\n\n<figure class=\"wp-block-table\"><table><tbody><tr><td><strong>Verkrijgbaar in<\/strong><\/td><td><strong>Prijs boek\/CD\/Digitaal<\/strong><\/td><td><strong>Verzendingskosten<\/strong><\/td><\/tr><tr><td>Boekvorm<\/td><td>Niet meer beschikbaar<\/td><td><\/td><\/tr><tr><td>USB-stick of CD<\/td><td>10 \u20ac<\/td><td>5 \u20ac<\/td><\/tr><tr><td>Digitaal (WeTransfer)<\/td><td>10 \u20ac<\/td><td>0 \u20ac<\/td><\/tr><tr><td><strong>Opmerking:<\/strong><\/td><td colspan=\"2\"><\/td><\/tr><\/tbody><\/table><\/figure>\n\n\n\n<p>Wettelijk depot: D\/2025\/06530\/1<\/p>\n\n\n\n<hr class=\"wp-block-separator has-alpha-channel-opacity\"\/>\n\n\n\n<h2 class=\"wp-block-heading\">Zevergem: klappers op de huwelijken van 1796 tot 1910<\/h2>\n\n\n<div class=\"wp-block-image is-style-default\">\n<figure class=\"alignright size-full is-resized\"><a href=\"https:\/\/www.familiekundedeinze.be\/wp-content\/uploads\/2023\/10\/Kaft_Zevergem_boek_BS.jpg\"><img loading=\"lazy\" decoding=\"async\" width=\"369\" height=\"539\" src=\"https:\/\/www.familiekundedeinze.be\/wp-content\/uploads\/2023\/10\/Kaft_Zevergem_boek_BS.jpg\" alt=\"\" class=\"wp-image-6723\" style=\"width:247px;height:361px\" srcset=\"https:\/\/www.familiekundedeinze.be\/wp-content\/uploads\/2023\/10\/Kaft_Zevergem_boek_BS.jpg 369w, https:\/\/www.familiekundedeinze.be\/wp-content\/uploads\/2023\/10\/Kaft_Zevergem_boek_BS-205x300.jpg 205w\" sizes=\"auto, (max-width: 369px) 100vw, 369px\" \/><\/a><\/figure><\/div>\n\n\n<p>Auteur:  Claude Gekiere<\/p>\n\n\n\n<p>Zevergem is een dorp in de Belgische provincie Oost-Vlaanderen en een deelgemeente van De Pinte, het was een zelfstandige gemeente tot aan de gemeentelijke herindeling van 1977. Het dorp ligt aan de Schelde. Zevergem is een van de oudste zogenaamde oeverdorpen van het Scheldeveld. De oudste vermelding van het dorp dateert van 964, toen nog als Sewaringhem, een naam die is afgeleid van Saiwiwaringa heim (woning van de lieden van Saiwirwar).<br>De dorpsheerlijkheid behoorde in de 12de eeuw aan de familie van Severghem. In 1232 werd ze door Rodolf van Rode geschonken aan de Gentse Sint-Pietersabdij in ruil voor goederen in Munte en Balegem. De belangrijkste heerlijkheid was echter deze van Welden, afhankelijk van het leenhof van de Oudburg te Gent, met uitgestrekte gronden of &#8220;velden&#8221; ten zuiden en westen van het dorp en over de Schelde te Vurste en Semmerzake. In 1716 werd &#8220;Welden&#8221; onder Fr. F.H. Volckaert tot graafschap verheven. Het Kasteel van Welden met omringend park en dreven bleef tot op heden bewaard. Ook de heerlijkheid &#8216;s Graven Hazele met zetel te Deurle, afhankelijk van de graaf van Vlaanderen, bezat onder meer het thans verdwenen zogenaamd &#8220;Goed te Steenbrugge&#8221; in de noordwesthoek van de gemeente. Verder bleven verschillende lenen met omwalde pachthoven bewaard.<br>Bestuurlijk-fiscaal ressorteerde Zevergem onder de kasselrij van de Oudburg te Gent. Kerkelijk behoorde het tot 1559 tot het bisdom Doornik, nadien tot het bisdom Gent. Het patronaat kwam toe aan de Gentse Sint-Pietersabdij.<\/p>\n\n\n\n<p>Wettelijk Depot<br>D\/2023\/06530\/04<\/p>\n\n\n\n<figure class=\"wp-block-table\"><table><tbody><tr><td><strong>Verkrijgbaar in<\/strong><\/td><td><strong>Prijs boek\/CD\/Digitaal<\/strong><\/td><td><strong>Verzendingskosten<\/strong><\/td><\/tr><tr><td>Boekvorm<\/td><td>&nbsp;Niet beschikbaar<\/td><td>&nbsp;<\/td><\/tr><tr><td>USB-stick of CD<\/td><td>10 \u20ac<\/td><td>5 \u20ac<\/td><\/tr><tr><td>Digitaal (WeTransfer)<\/td><td>10 \u20ac<\/td><td>0 \u20ac<\/td><\/tr><tr><td><strong>Opmerking:<\/strong><\/td><td colspan=\"2\">&nbsp;<\/td><\/tr><\/tbody><\/table><\/figure>\n\n\n\n<hr class=\"wp-block-separator has-alpha-channel-opacity\"\/>\n\n\n\n<h2 class=\"wp-block-heading\">De Pinte \u2013 Klappers op de huwelijken 1869-1910<\/h2>\n\n\n<div class=\"wp-block-image is-style-default\">\n<figure class=\"alignright size-full is-resized\"><a href=\"https:\/\/www.familiekundedeinze.be\/wp-content\/uploads\/2023\/09\/De-Pinte-klappers-huwelijk.jpg\"><img decoding=\"async\" src=\"https:\/\/www.familiekundedeinze.be\/wp-content\/uploads\/2023\/09\/De-Pinte-klappers-huwelijk.jpg\" alt=\"Kaft uitgave De Pinte - Klappers op de huwelijken\" class=\"wp-image-6697\" style=\"width:302px;height:421px\"\/><\/a><\/figure><\/div>\n\n\n<p>Auteur:  Claude Gekiere<\/p>\n\n\n\n<p>Het grondgebied van de gemeente De Pinte was lang een uitgestrekt&nbsp;heidegebied&nbsp;van de&nbsp;Gentse&nbsp;Sint-Pietersabdij, het&nbsp;<strong>Scheldeveld<\/strong>&nbsp;genoemd. Vanaf de 13de eeuw was er, ten<br>oosten van het huidig dorpscentrum, een ontginningshoeve gevestigd, doch begon men pas vanaf de 18de eeuw met een systematische ontginning.<br>Op de&nbsp; Ferrariskaart &nbsp;uit de&nbsp;jaren 1770&nbsp;is de plaats weergegeven als een landelijk gebied met verspreide gehuchten en landgoederen. Op de plaats van de huidige dorpskern toont de kaart nog het&nbsp;gehucht&nbsp;<strong>Pintestraete<\/strong>. In 1791 was er al een eerste verzoek voor het oprichten van een&nbsp;hulpkerk. De bouw werd gestart, maar werd door de Franse bezetting al gauw stopgezet.<br>Bij de creatie van de&nbsp;gemeenten&nbsp;op het eind van het&nbsp;ancien r\u00e9gime&nbsp;behoorde het gebied tot de gemeente&nbsp;Nazareth. Het gehucht werd ook wel&nbsp;&#8220;<strong>Klein Nazareth<\/strong>&#8221;&nbsp;genoemd. Reeds in de Hollandse periode in 1829 werd een eerste verzoek tot zelfstandigheid ingediend onder de naam &#8220;<strong>Willemsdorp<\/strong>&#8220;, maar dit ging toen niet door.<br>Op 2 juni&nbsp;1868&nbsp;werd het gehucht afgescheiden van Nazareth en werd het een zelfstandige gemeente onder de naam De Pinte.<br>Vanaf 1869 heeft de gemeente De Pinte een eigen gemeentelijke administratie en zodoende eigen registers van de Burgerlijke Stand.<br>Het boek omvat de naamlijsten op naam van de bruidegom \u00e9n op naam van de bruid, m\u00e9t vermelding van de huwelijksdata. Om de periode van v\u00f3\u00f3r 1869 te raadplegen, hoeft men de registers van Nazareth te raadplegen op onze website:<\/p>\n\n\n\n<p><a href=\"https:\/\/www.familiekundedeinze.be\/wp-content\/uploads\/2021\/09\/huwelijken-fusie-Nazareth.pdf\">Indexen op de huwelijken in Nazareth-Eke 1796-1910<\/a><\/p>\n\n\n\n<p>Wettelijk Depot<br>D\/2023\/06530\/03<\/p>\n\n\n\n<figure class=\"wp-block-table\"><table><tbody><tr><td><strong>Verkrijgbaar in<\/strong><\/td><td><strong>Prijs boek\/CD\/Digitaal<\/strong><\/td><td><strong>Verzendingskosten<\/strong><\/td><\/tr><tr><td>Boekvorm<\/td><td>&nbsp;Niet beschikbaar<\/td><td>&nbsp;<\/td><\/tr><tr><td>USB-stick of CD<\/td><td>10 \u20ac<\/td><td>5 \u20ac<\/td><\/tr><tr><td>Digitaal (WeTransfer)<\/td><td>10 \u20ac<\/td><td>0 \u20ac<\/td><\/tr><tr><td><strong>Opmerking:<\/strong><\/td><td colspan=\"2\">&nbsp;<\/td><\/tr><\/tbody><\/table><\/figure>\n\n\n\n<hr class=\"wp-block-separator has-alpha-channel-opacity\"\/>\n\n\n\n<h2 class=\"wp-block-heading\">Boek \u201cThe ancestors of Prudent Versichele and &#8216;t Hof ter Zickele\u201d<\/h2>\n\n\n<div class=\"wp-block-image is-style-default\">\n<figure class=\"alignleft size-full is-resized\"><a href=\"https:\/\/www.familiekundedeinze.be\/wp-content\/uploads\/2023\/06\/Versichele.jpg\"><img loading=\"lazy\" decoding=\"async\" width=\"318\" height=\"446\" src=\"https:\/\/www.familiekundedeinze.be\/wp-content\/uploads\/2023\/06\/Versichele.jpg\" alt=\"\" class=\"wp-image-6644\" style=\"width:273px;height:383px\" srcset=\"https:\/\/www.familiekundedeinze.be\/wp-content\/uploads\/2023\/06\/Versichele.jpg 318w, https:\/\/www.familiekundedeinze.be\/wp-content\/uploads\/2023\/06\/Versichele-214x300.jpg 214w\" sizes=\"auto, (max-width: 318px) 100vw, 318px\" \/><\/a><\/figure><\/div>\n\n\n<p>Auteur: Claude Gekiere<\/p>\n<p>Naar aanleiding van het bezoek van Dave Versical en zijn zuster uit Detroit, Michigan (USA) aan de streek van zijn roots publiceert onze afdeling Deinze van Familiekunde Vlaanderen haar bijdrage met deze uitgave.<br \/>In 1913 vertrok Prudent Versichele met het stoomschip \u201cLapland\u201d van de Antwerpse rederij \u201cRed Star Line\u201d naar New York. Sindsdien heeft hij vele generaties nakomelingen aldaar.<br \/>Het boek omvat 44 bladzijden en bevat naast de voorouder-beschrijving van Dave Versical ook de rijke geschiedenis van het Nazarethse \u201cHof te Zickele\u201d &#8211; voorgesteld in het Nederlands \u00e9n in het Engels &#8211; welke teruggaat tot in het jaar 1359.<br \/>Het boek is te verkrijgen aan de prijs van 10,00 euro (met WeTransfer) en kan bekomen worden mits overschrijving op rekening nr IBAN: BE24 0832 7311 6738 \/ BIC: GKCCBEBB van Familiekunde Deinze, met vermelding van \u201cHof Ter Zickele\u201d.<\/p>\n<p>Wettelijk Depot :\u00a0 D\/2023\/06530\/02<\/p>\n\n\n\n<figure class=\"wp-block-table\"><table><tbody><tr><td><strong>Verkrijgbaar in<\/strong><\/td><td><strong>Prijs boek\/CD\/Digitaal<\/strong><\/td><td><strong>Verzendingskosten<\/strong><\/td><\/tr><tr><td>Boekvorm<\/td><td>10 \u20ac<\/td><td>5 \u20ac<\/td><\/tr><tr><td>USB-stick of CD<\/td><td>&nbsp;niet beschikbaar<\/td><td>&nbsp;<\/td><\/tr><tr><td>Digitaal (WeTransfer)<\/td><td>&nbsp;niet beschikbaar<\/td><td>&nbsp;<\/td><\/tr><tr><td><strong>Opmerking:<\/strong><\/td><td colspan=\"2\"><strong>Nog 3 boeken beschikbaar (enkel in&nbsp; boekvorm)<\/strong><\/td><\/tr><\/tbody><\/table><\/figure>\n\n\n\n<hr class=\"wp-block-separator has-alpha-channel-opacity\"\/>\n\n\n\n<hr class=\"wp-block-separator has-alpha-channel-opacity\"\/>\n\n\n\n<h2 class=\"wp-block-heading\">Staten van Goed in Deinze Deel 1 van 1600 \u2013 1699<\/h2>\n\n\n<div class=\"wp-block-image is-style-default\">\n<figure class=\"alignright size-large is-resized\"><img loading=\"lazy\" decoding=\"async\" width=\"338\" height=\"430\" src=\"https:\/\/www.familiekundedeinze.be\/wp-content\/uploads\/2021\/10\/Kaft-St-van-goed-Deinze-Deel-Ikopie.jpg\" alt=\"\" class=\"wp-image-4044\" style=\"width:261px;height:332px\" srcset=\"https:\/\/www.familiekundedeinze.be\/wp-content\/uploads\/2021\/10\/Kaft-St-van-goed-Deinze-Deel-Ikopie.jpg 338w, https:\/\/www.familiekundedeinze.be\/wp-content\/uploads\/2021\/10\/Kaft-St-van-goed-Deinze-Deel-Ikopie-236x300.jpg 236w\" sizes=\"auto, (max-width: 338px) 100vw, 338px\" \/><\/figure><\/div>\n\n\n<p>Auteur: Guido Demuynck<br>Publicatiejaar: 2016<br><br>Naast de parochieregisters zijn staten van goed de belangrijkste bron voor de studie van onze voorouders in het Ancien Regime. Naast loutere identiteitsgegevens verstrekken staten van goed ons ook informatie over het bezit (onroerende en roerend) en de schulden van de sterfhuizen.<br>In dit eerste deel worden de staten van goed en andere stukken die verband houden met het goederenbeheer van wezen over de periode 1600-1699 geanalyseerd. In totaal gaat het om 726 documenten, namelijk 358 staten van goed, 83 rekeningbewijzen, 155 verzoekschriften, 49 meerderjarigverklaringen en 81 andere akten betreffende sterfhuizen. Naast de identiteitsgegevens van de overledene, zijn partner, kinderen en voogden, wordt ook een opsomming gegeven van het onroerend bezit, de renten en obligaties ten voordele en ten laste, toponiemen en andere personen die in de akten worden vermeld. Achteraan is zowel een index op de familienamen als op de plaatsnamen toegevoegd.<br>Deze publicatie omvat naast een inleiding 129 pagina\u2019s analyse van akten. De Namenindex kan u <a href=\"https:\/\/www.familiekundedeinze.be\/index.php\/index-familienamen-staten-goed-deinze\/\">hier<\/a> vinden.<\/p>\n\n\n\n<figure class=\"wp-block-table\"><table><tbody><tr><td><strong>Verkrijgbaar in<\/strong><\/td><td><strong>Prijs boek\/CD\/Digitaal<\/strong><\/td><td><strong>Verzendingskosten<\/strong><\/td><\/tr><tr><td>Boekvorm<\/td><td>&nbsp;niet beschikbaar<\/td><td>&nbsp;<\/td><\/tr><tr><td>USB-stick of CD<\/td><td>10 \u20ac<\/td><td>5 \u20ac<\/td><\/tr><tr><td>Digitaal (WeTransfer)<\/td><td>10 \u20ac<\/td><td>0 \u20ac<\/td><\/tr><tr><td><strong>Opmerking:<\/strong><\/td><td colspan=\"2\">&nbsp;<\/td><\/tr><\/tbody><\/table><\/figure>\n\n\n\n<hr class=\"wp-block-separator has-alpha-channel-opacity\"\/>\n\n\n\n<h2 class=\"wp-block-heading\">Staten van Goed in Deinze Deel 2 van 1700 \u2013 1749<\/h2>\n\n\n\n<p>Auteur: Guido Demuynck<br>Publicatiejaar: 2019<br>Naast de parochieregisters zijn staten van goed de belangrijkste bron voor de studie van onze voorouders in het Ancien Regime. Naast loutere identiteitsgegevens verstrekken staten van goed ons ook informatie over het bezit (onroerende en roerend) en de schulden van de sterfhuizen.<br> In dit tweede deel (het eerste deel verscheen in 2016, zie hieronder) worden de staten van goed en andere stukken die verband houden met het goederenbeheer van wezen over de periode 1700-1749 geanalyseerd. In totaal gaat het om 709 documenten, namelijk 237 staten van goed, 55 rekeningbewijzen, 165 verzoekschriften, 23 meerderjarigverklaringen en 229 andere akten betreffende sterfhuizen. Naast de identiteitsgegevens van de overledene, zijn partner, kinderen en voogden, wordt ook een opsomming gegeven van het onroerend bezit, de renten en obligaties ten voordele en ten laste, toponiemen en andere personen die in de akten worden vermeld. Achteraan is zowel een index op de familienamen als op de plaatsnamen toegevoegd.<\/p>\n\n\n\n<p>Deze publicatie omvat naast een inleiding 121 pagina\u2019s analyse van akten. <\/p>\n\n\n\n<figure class=\"wp-block-table\"><table><tbody><tr><td><strong>Verkrijgbaar in<\/strong><\/td><td><strong>Prijs boek\/CD\/Digitaal<\/strong><\/td><td><strong>Verzendingskosten<\/strong><\/td><\/tr><tr><td>Boekvorm<\/td><td>&nbsp;niet beschikbaar<\/td><td>&nbsp;<\/td><\/tr><tr><td>USB-stick of CD<\/td><td>10 \u20ac<\/td><td>5 \u20ac<\/td><\/tr><tr><td>Digitaal (WeTransfer)<\/td><td>10 \u20ac<\/td><td>0 \u20ac<\/td><\/tr><tr><td><strong>Opmerking:<\/strong><\/td><td colspan=\"2\">&nbsp;<\/td><\/tr><\/tbody><\/table><\/figure>\n\n\n\n<hr class=\"wp-block-separator has-alpha-channel-opacity\"\/>\n\n\n\n<h2 class=\"wp-block-heading\">De Staten van Goed van Deinze &#8211; deel 3: 1750-1796<\/h2>\n\n\n\n<p>Auteur:  Guido Demuynck<\/p>\n\n\n\n<p>Publicatiejaar: 2022<\/p>\n\n\n\n<p>In 2016 verscheen het eerste deel van deze publicatie met een analyse van de staten van goed en<br>andere documenten betreffende het weesbeheer voor de periode 1600 &#8211; 1699. In 2019 was het de<br>beurt aan de periode 1700 &#8211; 1749 in een tweede deel. Deze twee delen zijn elk nog verkrijgbaar voor<br>12 euro (+5 euro verzendingskosten bij niet afhaling).<\/p>\n\n\n<div class=\"wp-block-image is-style-default\">\n<figure class=\"alignright size-full\"><a href=\"https:\/\/www.familiekundedeinze.be\/wp-content\/uploads\/2022\/03\/Kaft-Staten_van_goed_deel3.jpg\"><img loading=\"lazy\" decoding=\"async\" width=\"250\" height=\"361\" src=\"https:\/\/www.familiekundedeinze.be\/wp-content\/uploads\/2022\/03\/Kaft-Staten_van_goed_deel3.jpg\" alt=\"\" class=\"wp-image-6476\" srcset=\"https:\/\/www.familiekundedeinze.be\/wp-content\/uploads\/2022\/03\/Kaft-Staten_van_goed_deel3.jpg 250w, https:\/\/www.familiekundedeinze.be\/wp-content\/uploads\/2022\/03\/Kaft-Staten_van_goed_deel3-208x300.jpg 208w\" sizes=\"auto, (max-width: 250px) 100vw, 250px\" \/><\/a><\/figure><\/div>\n\n\n<p>Dit derde deel van &#8220;De Staten van Goed van Deinze &#8221; omvat de periode 1750 &#8211; 1796.  Naast de parochieregisters zijn staten van goed de belangrijkste bron voor de studie van onze voorouders in het Ancien Regime. Naast loutere identiteitsgegevens verstrekken staten van goed ons ook informatie over het bezit (onroerende en roerend) en de schulden van de sterfhuizen.<br>In dit derde deel worden 844 documenten geanalyseerd, namelijk 240 staten van goed, 52 renunciaties, 31 rekeningbewijzen, 153 verzoekschriften, 6 meerderjarigverklaringen, 259 eden van voogdij, 71 borgstellingen, 7 huwelijkstoelatingen en 25 andere akten betreffende sterfhuizen. Naast de identiteitsgegevens van de overledene, zijn partner, kinderen en voogden, wordt ook een opsomming gegeven van het onroerend bezit, de renten en obligaties ten voordele en ten laste, toponiemen en andere personen die in de akten worden vermeld. Achteraan is zowel een index op de familienamen als op de plaatsnamen toegevoegd.<\/p>\n\n\n\n<figure class=\"wp-block-table\"><table><tbody><tr><td><strong>Verkrijgbaar in<\/strong><\/td><td><strong>Prijs boek\/CD\/Digitaal<\/strong><\/td><td><strong>Verzendingskosten<\/strong><\/td><\/tr><tr><td>Boekvorm<\/td><td>12 \u20ac<\/td><td>5 \u20ac<\/td><\/tr><tr><td>USB-stick of CD<\/td><td>10 \u20ac<\/td><td>5 \u20ac<\/td><\/tr><tr><td>Digitaal (WeTransfer)<\/td><td>10 \u20ac<\/td><td>0 \u20ac<\/td><\/tr><tr><td><strong>Opmerking:<\/strong><\/td><td colspan=\"2\">Nog 4 boeken beschikbaar<\/td><\/tr><\/tbody><\/table><\/figure>\n\n\n\n<hr class=\"wp-block-separator has-alpha-channel-opacity\"\/>\n\n\n\n<h2 class=\"wp-block-heading\">Persoonsfiches Deinze<\/h2>\n\n\n<div class=\"wp-block-image is-style-default\">\n<figure class=\"alignright size-full\"><a href=\"https:\/\/www.familiekundedeinze.be\/wp-content\/uploads\/2021\/12\/2.jpg\"><img loading=\"lazy\" decoding=\"async\" width=\"419\" height=\"437\" src=\"https:\/\/www.familiekundedeinze.be\/wp-content\/uploads\/2021\/12\/2.jpg\" alt=\"\" class=\"wp-image-6317\" srcset=\"https:\/\/www.familiekundedeinze.be\/wp-content\/uploads\/2021\/12\/2.jpg 419w, https:\/\/www.familiekundedeinze.be\/wp-content\/uploads\/2021\/12\/2-288x300.jpg 288w\" sizes=\"auto, (max-width: 419px) 100vw, 419px\" \/><\/a><\/figure><\/div>\n\n\n<p>Dr. Ren\u00e9 De Clercq\u2019s levenswerk is een klassement van ongeveer 18.000 fiches waarbij vermeldingen staan van talrijke inwoners van onze stad en zijn deelgemeenten (fusie van v\u00f3\u00f3r 2019 en dus z\u00f3nder fusie met groot-Nevele), die in de periode van 1680 tot in 1830 leefden en waarvan in \u00e9\u00e9n van de geschiedkundige tijdschriften van de heemkring van Deinze (van 1929 tot en met 2017) en het ledenblad van Familiekunde Vlaanderen Regio Deinze (van 1992 tot en met 2017) ooit bijdragen zijn verschenen.<\/p>\n\n\n\n<p>Alle gegevens zijn in een alfabetisch klassement op de eerste letter, per persoon weergegeven. Bij uw opzoekingen dient u rekening te houden met alle mogelijke afwijkende schrijfwijzen, bvb. Volder, Volders, De Volder, Vanhaute-Van Houtte- Vanden Haute. Het is dus nuttig zich niet alleen te concentreren op \u00e9\u00e9n mogelijke schrijfwijze, maar allerlei variaties van de familienaam in het oog te houden.<\/p>\n\n\n\n<p>De notities op de fiches signaleren, naast de beknopte weergave, ook de bronnen. Er werd de grootste zorg besteed aan het vermelden van de bron, en dat is natuurlijk uiterst noodzakelijk.<\/p>\n\n\n\n<p>Voor wie is het werk bestemd ? De bestemmelingen zijn vooreerst alle genealogen, die opzoekingswerk verrichten over hun voorouders in en rond Deinze voor de periode van 1680 tot 1830. Daarnaast kunnen ook historici, die artikels schrijven over die periode, zeker baat hebben bij het raadplegen van het levenswerk van Ren\u00e9 De Clercq.<\/p>\n\n\n\n<figure class=\"wp-block-table\"><table><tbody><tr><td><strong>Verkrijgbaar in<\/strong><\/td><td><strong>Prijs boek\/CD\/Digitaal<\/strong><\/td><td><strong>Verzendingskosten<\/strong><\/td><\/tr><tr><td>Boekvorm<\/td><td>&nbsp;niet beschikbaar<\/td><td>&nbsp;<\/td><\/tr><tr><td>USB-stick of CD<\/td><td>10 \u20ac<\/td><td>5 \u20ac<\/td><\/tr><tr><td>Digitaal (WeTransfer)<\/td><td>10 \u20ac<\/td><td>0 \u20ac<\/td><\/tr><tr><td><strong>Opmerking:<\/strong><\/td><td colspan=\"2\">&nbsp;<\/td><\/tr><\/tbody><\/table><\/figure>\n\n\n\n<hr class=\"wp-block-separator has-alpha-channel-opacity\"\/>\n\n\n\n<h2 class=\"wp-block-heading\"><strong>Index op de erfenisaangiften van het Registratiekantoor Deinze 1819 \u2013 1905<\/strong><\/h2>\n\n\n\n<p>door Guido Demuynck<\/p>\n\n\n<div class=\"wp-block-image is-style-default\">\n<figure class=\"alignright size-full\"><img loading=\"lazy\" decoding=\"async\" width=\"192\" height=\"288\" src=\"https:\/\/www.familiekundedeinze.be\/wp-content\/uploads\/2021\/12\/Kaft-Index-Erfenisaangiften-1819-1905.jpg\" alt=\"\" class=\"wp-image-6306\"\/><\/figure><\/div>\n\n\n<p>Erfenisaangiften zijn bijzonder nuttige bronnen bij het opstellen van onze familiegeschiedenis. Je vindt er de bezittingen terug van onze voorouders en de erfgenamen, soms de schulden en af en toe ook een afschrift van het testament van de overledene. In een inleiding wordt dieper ingegaan op de territoriale bevoegdheid van het registratiekantoor Deinze en de wetgeving over erfenisaangiften die in de verschillende periodes van toepassing was. De index zelf, die 385 p. beslaat, bevat ongeveer 18.000 overledenen uit de kantons Deinze en Nevele, waarvoor in de periode 1819-1905 een aangifte werd ingediend, met de plaats en datum van overlijden, de datum van de ingediende aangifte(n) en waar deze terug te vinden zijn in de registers die bewaard worden in het Rijksarchief Gent.<\/p>\n\n\n\n<p><\/p>\n\n\n\n<figure class=\"wp-block-table\"><table><tbody><tr><td><strong>Verkrijgbaar in<\/strong><\/td><td><strong>Prijs boek\/CD\/Digitaal<\/strong><\/td><td><strong>Verzendingskosten<\/strong><\/td><\/tr><tr><td>Boekvorm<\/td><td>&nbsp;niet beschikbaar<\/td><td>&nbsp;<\/td><\/tr><tr><td>USB-stick of CD<\/td><td><strong>10 \u20ac<\/strong><\/td><td>5 \u20ac<\/td><\/tr><tr><td>Digitaal (WeTransfer)<\/td><td><strong>10 \u20ac<\/strong><\/td><td>0 \u20ac<\/td><\/tr><tr><td><strong>Opmerking:<\/strong><\/td><td colspan=\"2\">&nbsp;<\/td><\/tr><\/tbody><\/table><\/figure>\n\n\n\n<hr class=\"wp-block-separator has-alpha-channel-opacity\"\/>\n\n\n\n<h2 class=\"wp-block-heading\">De klappers op de huwelijken van alle deelgemeenten van  NEVELE voor de periode van 1796 tot en met 1910. <br><\/h2>\n\n\n\n<p>De klappers zijn opgemaakt in alfabetische volgorde, zowel op naam van de man als op naam van de vrouw. In totaal zijn 15.108 namen geregistreerd.<\/p>\n\n\n\n<figure class=\"wp-block-table\"><table><tbody><tr><td><strong>Verkrijgbaar in<\/strong><\/td><td><strong>Prijs boek\/CD\/Digitaal<\/strong><\/td><td><strong>Verzendingskosten<\/strong><\/td><\/tr><tr><td>Boekvorm<\/td><td>17 \u20ac (Nevele-centrum)  &#8211; 8 \u20ac (Poesele)<\/td><td>5 \u20ac<\/td><\/tr><tr><td>USB-stick of CD<\/td><td>10 \u20ac (6 deelgemeenten)<\/td><td>5 \u20ac<\/td><\/tr><tr><td>Digitaal (WeTransfer)<\/td><td>10 \u20ac (6 deelgemeenten)<\/td><td>0 \u20ac<\/td><\/tr><tr><td><strong>Opmerking:<\/strong><\/td><td colspan=\"2\"><strong>1 boek Nevele centrum beschikbaar<\/strong> &#8211; <strong>1 boek Poesele beschikbaar<\/strong><\/td><\/tr><\/tbody><\/table><\/figure>\n\n\n\n<hr class=\"wp-block-separator has-alpha-channel-opacity\"\/>\n\n\n\n<h2 class=\"wp-block-heading\">Geschiedenis der families Michel en Verhaest<\/h2>\n\n\n\n<p>In GOTTEM woonden omtrent de jaren 1700 tot omstreeks 1929 twee families, die er een zeer grote invloed hebben gehad op het sociaal, cultureel en religieus leven. De interesse om over deze notabelen een artikeltje te maken werd aangewakkerd toen veel aan het licht kwam bij het op zoek gaan naar de herkomst van een Napoleonsoldaat Pieter MICHEL. Hij huwde immers Coleta VERHAEST, telg uit een welstellende familie die een 100 tal jaren het wel en wee mee bepaalden in ons klein dorpje.<br><\/p>\n\n\n\n<figure class=\"wp-block-table\"><table><tbody><tr><td><strong>Verkrijgbaar in<\/strong><\/td><td><strong>Prijs boek\/CD\/Digitaal<\/strong><\/td><td><strong>Verzendingskosten<\/strong><\/td><\/tr><tr><td>Boekvorm<\/td><td>9 \u20ac<\/td><td>5 \u20ac<\/td><\/tr><tr><td>USB-stick of CD<\/td><td>&nbsp;niet beschikbaar<\/td><td>&nbsp;<\/td><\/tr><tr><td>Digitaal (WeTransfer)<\/td><td>&nbsp;niet beschikbaar<\/td><td>&nbsp;<\/td><\/tr><tr><td><strong>Opmerking:<\/strong><\/td><td colspan=\"2\"><strong>Enkel in boekvorm&nbsp; beschikbaar: nog 8 exemplaren<\/strong><\/td><\/tr><\/tbody><\/table><\/figure>\n\n\n\n<hr class=\"wp-block-separator has-alpha-channel-opacity\"\/>\n\n\n\n<h2 class=\"wp-block-heading\">Alfabetische naamlijsten dopen-huwelijken-overlijdens Deinze, Onze Lieve Vrouw Parochie 1612 &#8211; 1796<\/h2>\n\n\n\n<figure class=\"wp-block-table\"><table><tbody><tr><td><strong>Verkrijgbaar in<\/strong><\/td><td><strong>Prijs boek\/CD\/Digitaal<\/strong><\/td><td><strong>Verzendingskosten<\/strong><\/td><\/tr><tr><td>Boekvorm<\/td><td>&nbsp;niet beschikbaar<\/td><td>&nbsp;<\/td><\/tr><tr><td>USB-stick of CD<\/td><td>10 \u20ac<\/td><td>5 \u20ac<\/td><\/tr><tr><td>Digitaal (WeTransfer)<\/td><td>10 \u20ac<\/td><td>0 \u20ac<\/td><\/tr><tr><td><strong>Opmerking:<\/strong><\/td><td colspan=\"2\">&nbsp;<\/td><\/tr><\/tbody><\/table><\/figure>\n\n\n\n<hr class=\"wp-block-separator has-alpha-channel-opacity\"\/>\n\n\n\n<h2 class=\"wp-block-heading\">Processen-verbaal in de gemeente Astene 1882-1913<\/h2>\n\n\n<div class=\"wp-block-image\">\n<figure class=\"alignleft size-large is-resized\"><img loading=\"lazy\" decoding=\"async\" width=\"683\" height=\"1024\" src=\"https:\/\/www.familiekundedeinze.be\/wp-content\/uploads\/2021\/10\/kaft-1-683x1024.jpg\" alt=\"\" class=\"wp-image-4046\" style=\"width:174px;height:260px\" srcset=\"https:\/\/www.familiekundedeinze.be\/wp-content\/uploads\/2021\/10\/kaft-1-683x1024.jpg 683w, https:\/\/www.familiekundedeinze.be\/wp-content\/uploads\/2021\/10\/kaft-1-200x300.jpg 200w, https:\/\/www.familiekundedeinze.be\/wp-content\/uploads\/2021\/10\/kaft-1-768x1152.jpg 768w, https:\/\/www.familiekundedeinze.be\/wp-content\/uploads\/2021\/10\/kaft-1-1024x1536.jpg 1024w, https:\/\/www.familiekundedeinze.be\/wp-content\/uploads\/2021\/10\/kaft-1-1365x2048.jpg 1365w, https:\/\/www.familiekundedeinze.be\/wp-content\/uploads\/2021\/10\/kaft-1-scaled.jpg 1706w\" sizes=\"auto, (max-width: 683px) 100vw, 683px\" \/><\/figure><\/div>\n\n\n<p>Auteur: Gekiere Claude<br> Publicatiejaar: 2014<br><br> Het boek (158 blz) omvat tal van processen-verbaal waarbij verslag werd uitgebracht over een aantal misdrijven, gaande van vogelvangsten, smokkel, jachtmisbruiken, natuurverstoring, vandalisme, vechtpartijen, stroperijen, scheldwoorden uiten, diefstal, doodsbedreigingen, enz.<br> Voor genealogen zijn deze verhalen kleurgevers aan hun familiegeschiedenis; inderdaad, in wat men noemt \u2018de niet brave families\u2019 is er altijd iemand die om een of andere reden uit de ban springt.<br> <br>Een <a href=\"https:\/\/www.familiekundedeinze.be\/index.php\/publicaties-2\/naamindex-processen-verbaal-te-astene-1882-1913\/\">index<\/a> geeft de namen weer die in het boek aan bod komen.<\/p>\n\n\n\n<figure class=\"wp-block-table\"><table><tbody><tr><td><strong>Verkrijgbaar in<\/strong><\/td><td><strong>Prijs boek\/CD\/Digitaal<\/strong><\/td><td><strong>Verzendingskosten<\/strong><\/td><\/tr><tr><td>Boekvorm<\/td><td>Niet beschikbaar<\/td><td><\/td><\/tr><tr><td>USB-stick of CD<\/td><td>10 \u20ac<\/td><td>5 \u20ac<\/td><\/tr><tr><td>Digitaal (WeTransfer)<\/td><td>10 \u20ac<\/td><td>0 \u20ac<\/td><\/tr><tr><td><strong>Opmerking:<\/strong><\/td><td colspan=\"2\"><\/td><\/tr><\/tbody><\/table><\/figure>\n\n\n\n<hr class=\"wp-block-separator has-alpha-channel-opacity\"\/>\n\n\n\n<h2 class=\"wp-block-heading\">Register van vrijgeleiden uitgereikt te Deinze.<\/h2>\n\n\n\n<p>Auteur: Bracke Fernand<br>Publicatiejaar: 2012<br><br>De stad gaf een vrijgeleide aan kooplieden en andere bezoekers van het gebied, die mochten er o.a. ook wapens dragen.<br>Zo konden ze er zeker van zijn dat ze niet werden overvallen en beroofd. In het Ancien Regime werd in de Zuidelijke Nederlanden het gebied dat onder de rechtsregels van de stad viel, schependom genoemd.<br>Door de autoriteiten werd een document verleend met de garantie dat iemand gedurende een vastgestelde tijd ongemoeid (zonder dat hij mag worden gearresteerd, aangevallen) over een vijandelijk of verboden gebied mag gaan.<br>Het kan ook een garantie zijn aan misdadigers, bankroetiers, schuldenaren waardoor zij (in dat gebied en voor een bepaald tijd) werden gevrijwaard van arrestatie, aanspraken van de schuldeisers. Voorts kan het de bedoeling zijn om iemand verlof, toestemming om voor enige tijd weg te mogen gaan. Een andere betekenis is tot slot een gewapende geleide van degene wie een ongemoeide reis is gegarandeerd; escorte; konvooi. Andere woorden voor \u2018vrijgeleide\u2019 zijn: pas, identiteitsbewijs, laissez-passer, legitimatie, legitimatiebewijs, legitimatiekaart, paspoort, permit, persoonsbewijs, reispas, vergunning, verlofpas, vrijbrief, laissez-passer, geleibriefje, pas, vervoerbiljet, sauvegarde, enz.<br><br>Een <a href=\"https:\/\/www.familiekundedeinze.be\/index.php\/publicaties-2\/naamindex-register-van-vrijgeleiden-te-deinze\/\">index<\/a> geeft de namen weer die in het boek aan bod komen.<\/p>\n\n\n\n<figure class=\"wp-block-table\"><table><tbody><tr><td><strong>Verkrijgbaar in<\/strong><\/td><td><strong>Prijs boek\/CD\/Digitaal<\/strong><\/td><td><strong>Verzendingskosten<\/strong><\/td><\/tr><tr><td>Boekvorm<\/td><td>&nbsp;niet beschikbaar<\/td><td>&nbsp;<\/td><\/tr><tr><td>USB-stick of CD<\/td><td>10 \u20ac<\/td><td>5 \u20ac<\/td><\/tr><tr><td>Digitaal (WeTransfer)<\/td><td>10 \u20ac<\/td><td>0 \u20ac<\/td><\/tr><tr><td><strong>Opmerking:<\/strong><\/td><td colspan=\"2\">&nbsp;<\/td><\/tr><\/tbody><\/table><\/figure>\n\n\n\n<hr class=\"wp-block-separator has-alpha-channel-opacity\"\/>\n\n\n\n<h2 class=\"wp-block-heading\">De landboeken van Petegem-Buiten (Petegem-ad-Leie)<\/h2>\n\n\n\n<p>Auteur: Demuynck Guido<br>Publicatiejaar: 2010<br>Het boek telt 279 bladzijden en heeft een bijhorende CD-rom met daarop de landkaarten.<\/p>\n\n\n\n<figure class=\"wp-block-table\"><table><tbody><tr><td><strong>Verkrijgbaar in<\/strong><\/td><td><strong>Prijs boek\/CD\/Digitaal<\/strong><\/td><td><strong>Verzendingskosten<\/strong><\/td><\/tr><tr><td>Boekvorm<\/td><td>&nbsp;niet beschikbaar<\/td><td>&nbsp;<\/td><\/tr><tr><td>USB-stick of CD<\/td><td>10 \u20ac<\/td><td>5 \u20ac<\/td><\/tr><tr><td>Digitaal (WeTransfer)<\/td><td>10 \u20ac<\/td><td>0 \u20ac<\/td><\/tr><tr><td><strong>Opmerking:<\/strong><\/td><td colspan=\"2\">&nbsp;<\/td><\/tr><\/tbody><\/table><\/figure>\n\n\n\n<hr class=\"wp-block-separator has-alpha-channel-opacity\"\/>\n\n\n\n<h2 class=\"wp-block-heading\">Klappers op de huwelijken te Nazareth en te Eke 1796-1910<\/h2>\n\n\n\n<p>Auteur: Gekiere Claude<br><br>Publicatiejaar: 2010<br>De klappers zijn opgemaakt in alfabetische volgorde, zowel op naam van de man als op naam van de vrouw. <br> <\/p>\n\n\n\n<figure class=\"wp-block-table\"><table><tbody><tr><td><strong>Verkrijgbaar in<\/strong><\/td><td><strong>Prijs boek\/CD\/Digitaal<\/strong><\/td><td><strong>Verzendingskosten<\/strong><\/td><\/tr><tr><td>Boekvorm<\/td><td>&nbsp;niet beschikbaar<\/td><td>&nbsp;<\/td><\/tr><tr><td>USB-stick of CD<\/td><td>10 \u20ac<\/td><td>5 \u20ac<\/td><\/tr><tr><td>Digitaal (WeTransfer)<\/td><td>10 \u20ac<\/td><td>0 \u20ac<\/td><\/tr><tr><td><strong>Opmerking:<\/strong><\/td><td colspan=\"2\">&nbsp;<\/td><\/tr><\/tbody><\/table><\/figure>\n\n\n\n<hr class=\"wp-block-separator has-alpha-channel-opacity\"\/>\n\n\n\n<h2 class=\"wp-block-heading\">Index huwelijken: Deinze en zijn 11 deelgemeenten 1796-1920<\/h2>\n\n\n\n<p>Versie 2.0<\/p>\n\n\n\n<p>Auteur: Gekiere Claude<br>Publicatiejaar: 2024<br><br>Alfabetische klappers (op naam van man en op naam van de vrouw) op de huwelijken van de Burgerlijke Stand voor de periode 1796-1920: Deinze-stad, Astene, Bachte-Maria-Leerne, Gottem, Grammene, Meigem, Sint-Martens-Leerne, Wontergem, Petegem, Vinkt en Zeveren.<br>De geraadpleegde bronnen in het Stadsarchief van Deinze zijn de kantonhuwelijken in de jaren 1799 en 1800 in Deinze als kantonhoofdplaats, de registers van ondertrouw en de registers van de huwelijken.<br><\/p>\n\n\n\n<figure class=\"wp-block-table\"><table><tbody><tr><td><strong>Verkrijgbaar in<\/strong><\/td><td><strong>Prijs boek\/CD\/Digitaal<\/strong><\/td><td><strong>Verzendingskosten<\/strong><\/td><\/tr><tr><td>Boekvorm<\/td><td>&nbsp;niet beschikbaar<\/td><td>&nbsp;<\/td><\/tr><tr><td>USB-stick of CD<\/td><td>10 \u20ac<\/td><td>5 \u20ac<\/td><\/tr><tr><td>Digitaal (WeTransfer)<\/td><td>10 \u20ac<\/td><td>0 \u20ac<\/td><\/tr><tr><td><strong>Opmerking:<\/strong><\/td><td colspan=\"2\">&nbsp;<\/td><\/tr><\/tbody><\/table><\/figure>\n\n\n\n<hr class=\"wp-block-separator has-alpha-channel-opacity\"\/>\n\n\n\n<h2 class=\"wp-block-heading\">Klappers op de parochieregisters dopen van de wijk De Pinte (of klein Nazareth), periode van 30-11-1831 t.e.m. 27-05-1868.<\/h2>\n\n\n\n<p>Auteur: Thoonen Guy<br><br>Publicatiejaar: 2009<br><br>Deze dopen voor de periode 30-11-1831 t.e.m. 27-05-1868 zijn dus NIET terug te vinden in de parochieregisters van Nazareth. Vanaf 01-06-1868 is De Pinte een onafhankelijke gemeente en moeten de dopen van dan af geraadpleegd worden in de registers van De Pinte.<br><\/p>\n\n\n\n<figure class=\"wp-block-table\"><table><tbody><tr><td><br><strong>Verkrijgbaar in<\/strong><\/td><td><strong>Prijs boek\/CD\/Digitaal<\/strong><\/td><td><strong>Verzendingskosten<\/strong><\/td><\/tr><tr><td>Boekvorm<\/td><td>&nbsp;niet beschikbaar<\/td><td>&nbsp;<\/td><\/tr><tr><td>USB-stick of CD<\/td><td>10 \u20ac<\/td><td>5 \u20ac<\/td><\/tr><tr><td>Digitaal (WeTransfer)<\/td><td>10 \u20ac<\/td><td>0 \u20ac<\/td><\/tr><tr><td><strong>Opmerking:<\/strong><\/td><td colspan=\"2\">&nbsp;<\/td><\/tr><\/tbody><\/table><\/figure>\n\n\n\n<hr class=\"wp-block-separator has-alpha-channel-opacity\"\/>\n\n\n\n<h2 class=\"wp-block-heading\">Vynckt 1830-1835 \u2013 Bevolkingsvergelijking<\/h2>\n\n\n\n<p>Auteur: Gekiere Claude<br><br>Publicatiejaar: 2009<\/p>\n\n\n\n<figure class=\"wp-block-table\"><table><tbody><tr><td><strong>Verkrijgbaar in<\/strong><\/td><td><strong>Prijs boek\/CD\/Digitaal<\/strong><\/td><td><strong>Verzendingskosten<\/strong><\/td><\/tr><tr><td>Boekvorm<\/td><td>&nbsp;niet beschikbaar<\/td><td>&nbsp;<\/td><\/tr><tr><td>USB-stick of CD<\/td><td>10 \u20ac<\/td><td>5 \u20ac<\/td><\/tr><tr><td>Digitaal (WeTransfer)<\/td><td>10 \u20ac<\/td><td>0 \u20ac<\/td><\/tr><tr><td><strong>Opmerking:<\/strong><\/td><td colspan=\"2\">&nbsp;<\/td><\/tr><\/tbody><\/table><\/figure>\n\n\n\n<hr class=\"wp-block-separator has-alpha-channel-opacity\"\/>\n\n\n\n<h2 class=\"wp-block-heading\">Processen-verbaal in de gemeente Meigem 1843-1876<\/h2>\n\n\n\n<p>Auteur: Bracke Fernand<br><br>Publicatiejaar: 2011<br><br>Het boek (86 blz) omvat tal van processen-verbaal waarbij verslag werd uitgebracht over een aantal misdrijven, gaande van volgelvangsten, smokkel, jachtmisbruiken, natuurverstoring, vandalisme, vechtpartijen, stroperijen, scheldwoorden uiten, diefstal, doodsbedreigingen, enz.<br>Voor genealogen zijn deze verhalen kleurgevers aan hun familiegeschiedenis;<br>inderdaad, in wat men noemt \u2018de niet brave families\u2019 is er altijd<br>iemand die om een of andere reden uit de ban springt.<br><br>Een <a href=\"https:\/\/www.familiekundedeinze.be\/index.php\/publicaties-2\/naamindex-processen-verbaal-te-meigem-1843-1876\/\">index<\/a> geeft de namen weer die in het boek aan bod komen.<br><br><\/p>\n\n\n\n<figure class=\"wp-block-table\"><table><tbody><tr><td><strong>Verkrijgbaar in<\/strong><\/td><td><strong>Prijs boek\/CD\/Digitaal<\/strong><\/td><td><strong>Verzendingskosten<\/strong><\/td><\/tr><tr><td>Boekvorm<\/td><td>&nbsp;niet beschikbaar<\/td><td>&nbsp;<\/td><\/tr><tr><td>USB-stick of CD<\/td><td>10 \u20ac<\/td><td>5 \u20ac<\/td><\/tr><tr><td>Digitaal (WeTransfer)<\/td><td>10 \u20ac<\/td><td>0 \u20ac<\/td><\/tr><tr><td><strong>Opmerking:<\/strong><\/td><td colspan=\"2\">&nbsp;<\/td><\/tr><\/tbody><\/table><\/figure>\n\n\n\n<hr class=\"wp-block-separator has-alpha-channel-opacity\"\/>\n\n\n\n<h2 class=\"wp-block-heading\">Processen-verbaal in de gemeente Vinkt (1841-1897).<\/h2>\n\n\n\n<p>Auteur: Bracke Fernand<br><br>Publicatiejaar: 2011<br><br>Het boek (248blz.) omvat tal van akten waarbij verslag werd uitgebracht over een aantal misdrijven, gaande van volgelvangsten, smokkel, jachtmisbruiken, natuurverstoring, vandalisme, vechtpartijen, stroperijen, scheldwoorden uiten, diefstal, doodsbedreigingen, enz.<br>Voor genealogen zijn deze verhalen kleurgevers aan hun familiegeschiedenis; inderdaad, in wat men noemt \u2018de niet brave families\u2019 is er altijd iemand die om een of andere reden uit de ban springt.<br><br>Een <a href=\"https:\/\/www.familiekundedeinze.be\/index.php\/publicaties-2\/naamindex-processen-verbaal-te-vinkt-1841-1897\/\">index<\/a> geeft de namen weer die in het boek aan bod komen.<br><br><\/p>\n\n\n\n<figure class=\"wp-block-table\"><table><tbody><tr><td><strong>Verkrijgbaar in<\/strong><\/td><td><strong>Prijs boek\/CD\/Digitaal<\/strong><\/td><td><strong>Verzendingskosten<\/strong><\/td><\/tr><tr><td>Boekvorm<\/td><td>&nbsp;niet beschikbaar<\/td><td>&nbsp;<\/td><\/tr><tr><td>USB-stick of CD<\/td><td>10 \u20ac<\/td><td>5 \u20ac<\/td><\/tr><tr><td>Digitaal (WeTransfer)<\/td><td>10 \u20ac<\/td><td>0 \u20ac<\/td><\/tr><tr><td><strong>Opmerking:<\/strong><\/td><td colspan=\"2\">&nbsp;<\/td><\/tr><\/tbody><\/table><\/figure>\n\n\n\n<hr class=\"wp-block-separator has-alpha-channel-opacity\"\/>\n\n\n\n<h2 class=\"wp-block-heading\">Indexen huwelijken: Zulte, Machelen en Olsene <br>1796 \u2013 1910<\/h2>\n\n\n\n<p>Auteur: Gekiere Claude<br><br>Publicatiejaar: 2010<br><br>Alfabetische naamlijst voor de drie deelgemeenten samen (op naam van man en op naam van de vrouw). De geraadpleegde bronnen zijn het Rijksarchief in Kortrijk en het gemeentearchief van de fusiegemeente Zulte.<br><br><\/p>\n\n\n\n<figure class=\"wp-block-table\"><table><tbody><tr><td><strong>Verkrijgbaar in<\/strong><\/td><td><strong>Prijs boek\/CD\/Digitaal<\/strong><\/td><td><strong>Verzendingskosten<\/strong><\/td><\/tr><tr><td>Boekvorm<\/td><td>&nbsp;niet beschikbaar<\/td><td>&nbsp;<\/td><\/tr><tr><td>USB-stick of CD<\/td><td>10 \u20ac<\/td><td>5 \u20ac<\/td><\/tr><tr><td>Digitaal (WeTransfer)<\/td><td>10 \u20ac<\/td><td>0 \u20ac<\/td><\/tr><tr><td><strong>Opmerking:<\/strong><\/td><td colspan=\"2\">&nbsp;<\/td><\/tr><\/tbody><\/table><\/figure>\n\n\n\n<hr class=\"wp-block-separator has-alpha-channel-opacity\"\/>\n\n\n\n<h2 class=\"wp-block-heading\">De bewerkte parochieregisters van Astene.<\/h2>\n\n\n\n<p>Auteur: Gekiere Claude<br><br>Publicatiejaar: 2009<br> <br><\/p>\n\n\n\n<figure class=\"wp-block-table\"><table><tbody><tr><td><strong>Verkrijgbaar in<\/strong><\/td><td><strong>Prijs boek\/CD\/Digitaal<\/strong><\/td><td><strong>Verzendingskosten<\/strong><\/td><\/tr><tr><td>Boekvorm<\/td><td>&nbsp;niet beschikbaar<\/td><td>&nbsp;<\/td><\/tr><tr><td>USB-stick of CD<\/td><td>10 \u20ac<\/td><td>5 \u20ac<\/td><\/tr><tr><td>Digitaal (WeTransfer)<\/td><td>10 \u20ac<\/td><td>0 \u20ac<\/td><\/tr><tr><td><strong>Opmerking:<\/strong><\/td><td colspan=\"2\">&nbsp;<\/td><\/tr><\/tbody><\/table><\/figure>\n\n\n\n<hr class=\"wp-block-separator has-alpha-channel-opacity\"\/>\n\n\n\n<h2 class=\"wp-block-heading\">De kadastrale Popp-kaarten van Izegem \u2013 1852<\/h2>\n\n\n\n<p>Demuynck Guido<br><br>Publicatiejaar: 2009<br><br><\/p>\n\n\n\n<figure class=\"wp-block-table\"><table><tbody><tr><td><strong>Verkrijgbaar in<\/strong><\/td><td><strong>Prijs boek\/CD\/Digitaal<\/strong><\/td><td><strong>Verzendingskosten<\/strong><\/td><\/tr><tr><td>Boekvorm<\/td><td>15 \u20ac<\/td><td>5 \u20ac<\/td><\/tr><tr><td>USB-stick of CD<\/td><td>&nbsp;niet beschikbaar<\/td><td>&nbsp;<\/td><\/tr><tr><td>Digitaal (WeTransfer)<\/td><td>niet beschikbaar&nbsp;<\/td><td>&nbsp;<\/td><\/tr><tr><td><strong>Opmerking:<\/strong><\/td><td colspan=\"2\">Nog 2 boeken beschikbaa<strong>r<\/strong><\/td><\/tr><\/tbody><\/table><\/figure>\n\n\n\n<hr class=\"wp-block-separator has-alpha-channel-opacity\"\/>\n\n\n\n<h2 class=\"wp-block-heading\">Staten van goed van de heerlijkheid Eke (Eke, Nazareth, Zevergem) 1763-1795<\/h2>\n\n\n\n<p>Auteur: Demuynck Guido<br><br>Publicatiejaar: 2009<br><br><\/p>\n\n\n\n<figure class=\"wp-block-table\"><table><tbody><tr><td><strong>Verkrijgbaar in<\/strong><\/td><td><strong>Prijs boek\/CD\/Digitaal<\/strong><\/td><td><strong>Verzendingskosten<\/strong><\/td><\/tr><tr><td>Boekvorm<\/td><td>&nbsp;niet beschikbaar<\/td><td>&nbsp;<\/td><\/tr><tr><td>USB-stick of CD<\/td><td>10 \u20ac<\/td><td>5 \u20ac<\/td><\/tr><tr><td>Digitaal (WeTransfer)<\/td><td>10 \u20ac<\/td><td>0 \u20ac<\/td><\/tr><tr><td><strong>Opmerking:<\/strong><\/td><td colspan=\"2\">&nbsp;<\/td><\/tr><\/tbody><\/table><\/figure>\n\n\n\n<hr class=\"wp-block-separator has-alpha-channel-opacity\"\/>\n\n\n\n<h2 class=\"wp-block-heading\">Huwelijken in de Burgerlijke Stand van Nazareth van 1796 tot 1900 <\/h2>\n\n\n\n<p>Auteur: Thoonen Guy<br><br>Deze bewerking bevat de huwelijks- en geboortedata der gehuwden alsook de beroepen en de namen van de ouders. Lijsten op naam van de man, de vrouw en huwelijksdatum.<br><br>Publicatiejaar: 2006<br><br><\/p>\n\n\n\n<figure class=\"wp-block-table\"><table><tbody><tr><td><strong>Verkrijgbaar in<\/strong><\/td><td><strong>Prijs boek\/CD\/Digitaal<\/strong><\/td><td><strong>Verzendingskosten<\/strong><\/td><\/tr><tr><td>Boekvorm<\/td><td>&nbsp;niet beschikbaar<\/td><td>&nbsp;<\/td><\/tr><tr><td>USB-stick of CD<\/td><td>10 \u20ac<\/td><td>5 \u20ac<\/td><\/tr><tr><td>Digitaal (WeTransfer)<\/td><td>10 \u20ac<\/td><td>0 \u20ac<\/td><\/tr><tr><td><strong>Opmerking:<\/strong><\/td><td colspan=\"2\">&nbsp;<\/td><\/tr><\/tbody><\/table><\/figure>\n\n\n\n<hr class=\"wp-block-separator has-alpha-channel-opacity\"\/>\n\n\n\n<h2 class=\"wp-block-heading\">De buitenpoorters van Kortrijk wonende buiten de kasselrij \u2013 1549-1795<\/h2>\n\n\n\n<p>Auteur: Demuynck Guido<br><br>Publicatiejaar: 2004<br><br><\/p>\n\n\n\n<figure class=\"wp-block-table\"><table><tbody><tr><td><strong>Verkrijgbaar in<\/strong><\/td><td><strong>Prijs boek\/CD\/Digitaal<\/strong><\/td><td><strong>Verzendingskosten<\/strong><\/td><\/tr><tr><td>Boekvorm<\/td><td>niet beschikbaar<\/td><td><\/td><\/tr><tr><td>USB-stick of CD<\/td><td>10 \u20ac<\/td><td>5 \u20ac<\/td><\/tr><tr><td>Digitaal (WeTransfer)<\/td><td>10 \u20ac<\/td><td>0 \u20ac<\/td><\/tr><tr><td><strong>Opmerking:<\/strong><\/td><td colspan=\"2\"><\/td><\/tr><\/tbody><\/table><\/figure>\n\n\n\n<hr class=\"wp-block-separator has-alpha-channel-opacity\"\/>\n\n\n\n<h2 class=\"wp-block-heading\">Volkstellingen van het jaar IV (1796), kanton Deinze<\/h2>\n\n\n\n<p>Auteur: Demuynck Guido<br><br>Publicatiejaar: 2000<br><br><em>Deinze, Petegem, Machelen, Olsene, Zulte, Wontergem, Gottem, Grammene, Zeveren, Vinkt, Bachte, Sint-Maria-Leerne, Astene, Deurle en Sint-Martens-Latem.<\/em><br><br><\/p>\n\n\n\n<figure class=\"wp-block-table\"><table><tbody><tr><td><strong>Verkrijgbaar in<\/strong><\/td><td><strong>Prijs boek\/CD\/Digitaal<\/strong><\/td><td><strong>Verzendingskosten<\/strong><\/td><\/tr><tr><td>Boekvorm<\/td><td>niet beschikbaar&nbsp;<\/td><td>&nbsp;<\/td><\/tr><tr><td>USB-stick of CD<\/td><td>10 \u20ac<\/td><td>5 \u20ac<\/td><\/tr><tr><td>Digitaal (WeTransfer)<\/td><td>10 \u20ac<\/td><td>0 \u20ac<\/td><\/tr><tr><td><strong>Opmerking:<\/strong><\/td><td colspan=\"2\">&nbsp;<\/td><\/tr><\/tbody><\/table><\/figure>\n\n\n\n<hr class=\"wp-block-separator has-alpha-channel-opacity\"\/>\n\n\n\n<h2 class=\"wp-block-heading\">De kadastrale Popp-kaart van Petegem<\/h2>\n\n\n\n<p>Auteur: Demuynck Guido<br><br>Publicatiejaar: 1997<br><br><\/p>\n\n\n\n<figure class=\"wp-block-table\"><table><tbody><tr><td><strong>Verkrijgbaar in<\/strong><\/td><td><strong>Prijs boek\/CD\/Digitaal<\/strong><\/td><td><strong>Verzendingskosten<\/strong><\/td><\/tr><tr><td>Boekvorm<\/td><td>10 \u20ac<\/td><td>5&nbsp; \u20ac<\/td><\/tr><tr><td>USB-stick of CD<\/td><td>10 \u20ac<\/td><td>5 \u20ac<\/td><\/tr><tr><td>Digitaal (WeTransfer)<\/td><td>10 \u20ac<\/td><td>0 \u20ac<\/td><\/tr><tr><td><strong>Opmerking:<\/strong><\/td><td colspan=\"2\">Nog 2 boeken beschikbaar<\/td><\/tr><\/tbody><\/table><\/figure>\n\n\n\n<hr class=\"wp-block-separator has-alpha-channel-opacity\"\/>\n\n\n\n<h2 class=\"wp-block-heading\">De staten van Goed van Nazareth<\/h2>\n\n\n\n<p>Auteur: Demuynck Guido<br><br>Publicatiejaar: 1997<br><\/p>\n\n\n\n<figure class=\"wp-block-table\"><table><tbody><tr><td><strong>Verkrijgbaar in<\/strong><\/td><td><strong>Prijs boek\/CD\/Digitaal<\/strong><\/td><td><strong>Verzendingskosten<\/strong><\/td><\/tr><tr><td>Boekvorm<\/td><td>&nbsp;niet beschikbaar<\/td><td>&nbsp;<\/td><\/tr><tr><td>USB-stick of CD<\/td><td>10 \u20ac<\/td><td>5 \u20ac<\/td><\/tr><tr><td>Digitaal (WeTransfer)<\/td><td>10 \u20ac<\/td><td>0 \u20ac<\/td><\/tr><tr><td><strong>Opmerking:<\/strong><\/td><td colspan=\"2\">&nbsp;<\/td><\/tr><\/tbody><\/table><\/figure>\n\n\n\n<hr class=\"wp-block-separator has-alpha-channel-opacity\"\/>\n\n\n\n<h2 class=\"wp-block-heading\">Gotthem 1816-1830<\/h2>\n\n\n\n<p>Auteur: Gekiere Claude<br><br>Publicatiejaar: 1997<br><br>Inschrijving militie 1816 en Staat van bevolking 1830<br><br><\/p>\n\n\n\n<figure class=\"wp-block-table\"><table><tbody><tr><td><strong>Verkrijgbaar in<\/strong><\/td><td><strong>Prijs boek\/CD\/Digitaal<\/strong><\/td><td><strong>Verzendingskosten<\/strong><\/td><\/tr><tr><td>Boekvorm<\/td><td>&nbsp;niet beschikbaar<\/td><td>&nbsp;<\/td><\/tr><tr><td>USB-stick of CD<\/td><td>8 \u20ac<\/td><td>5 \u20ac<\/td><\/tr><tr><td>Digitaal (WeTransfer)<\/td><td>8 \u20ac<\/td><td>0 \u20ac<\/td><\/tr><tr><td><strong>Opmerking:<\/strong><\/td><td colspan=\"2\">&nbsp;<\/td><\/tr><\/tbody><\/table><\/figure>\n\n\n\n<hr class=\"wp-block-separator has-alpha-channel-opacity\"\/>\n\n\n\n<h2 class=\"wp-block-heading\">Inwoners van de Markt te Deinze<\/h2>\n\n\n\n<p>Auteur: Heyerick Andr\u00e9<br><br>Publicatiejaar: 1997<br><br>Vergelijkende studie volgens de bevolkingsregisters van 1856 tot 1960<br> <br><\/p>\n\n\n\n<figure class=\"wp-block-table\"><table><tbody><tr><td><strong>Verkrijgbaar in<\/strong><\/td><td><strong>Prijs boek\/CD\/Digitaal<\/strong><\/td><td><strong>Verzendingskosten<\/strong><\/td><\/tr><tr><td>Boekvorm<\/td><td>&nbsp;niet beschikbaar<\/td><td>&nbsp;<\/td><\/tr><tr><td>USB-stick of CD<\/td><td>10 \u20ac<\/td><td>5 \u20ac<\/td><\/tr><tr><td>Digitaal (WeTransfer)<\/td><td>10 \u20ac<\/td><td>0 \u20ac<\/td><\/tr><tr><td><strong>Opmerking:<\/strong><\/td><td colspan=\"2\">&nbsp;<\/td><\/tr><\/tbody><\/table><\/figure>\n\n\n\n<hr class=\"wp-block-separator has-alpha-channel-opacity\"\/>\n\n\n\n<h2 class=\"wp-block-heading\">Petegem Leie: Grondeigenaars in 1860<\/h2>\n\n\n\n<figure class=\"wp-block-table\"><table><tbody><tr><td>Verkrijgbaar in<\/td><td>Prijs boek\/CD\/Digitaal<\/td><td>Verzendingskosten<\/td><\/tr><tr><td>Boekvorm<\/td><td>10 \u20ac<\/td><td>5 \u20ac<\/td><\/tr><tr><td>USB-stick of CD<\/td><td>niet beschikbaar&nbsp;<\/td><td>&nbsp;<\/td><\/tr><tr><td>Digitaal (WeTransfer)<\/td><td>niet beschikbaar&nbsp;<\/td><td>&nbsp;<\/td><\/tr><tr><td>Opmerking:<\/td><td colspan=\"2\">Nog 7 boeken beschikbaar (enkel in boekvorm)<\/td><\/tr><\/tbody><\/table><\/figure>\n\n\n\n<hr class=\"wp-block-separator has-alpha-channel-opacity\"\/>\n\n\n\n<h2 class=\"wp-block-heading\">Zeveren: Grondeigenaars in 1860<\/h2>\n\n\n\n<p>Auteur: Gekiere Claude<br><br>Publicatiejaar: 2016<br> <br>Het boek (126 blz) beschrijft het bezit van de onroerende eigendommen (landerijen en huizen) in het jaar 1860, jaar waarin de eerste offici\u00eble Popp-kaarten werden uitgebracht. Voor zover de eigenaars in die gemeente woonden, worden hun genealogische gegevens<br>vermeld. Soms is ook de gebruiker gekend.<br>Zij die het werk aanschaffen, kunnen via mail de Popp-kaart van ZEVEREN  bekomen ( anno 1860, opgemaakt met een grote resolutie)<br> <br>Een<a href=\"https:\/\/www.familiekundedeinze.be\/index.php\/publicaties-2\/naamindex-zeveren-grondeigenaars-in-1860\/\"> index<\/a> geeft de namen weer die in het boek aan bod komen.<\/p>\n\n\n\n<figure class=\"wp-block-table\"><table><tbody><tr><td><strong>Verkrijgbaar in<\/strong><\/td><td><strong>Prijs boek\/CD\/Digitaal<\/strong><\/td><td><strong>Verzendingskosten<\/strong><\/td><\/tr><tr><td>Boekvorm<\/td><td>&nbsp;niet meer beschikbaar<\/td><td>&nbsp;<\/td><\/tr><tr><td>USB-stick of CD<\/td><td>10 \u20ac<\/td><td>5 \u20ac<\/td><\/tr><tr><td>Digitaal (WeTransfer)<\/td><td>10 \u20ac<\/td><td>0 \u20ac<\/td><\/tr><tr><td><strong>Opmerking:<\/strong><\/td><td colspan=\"2\">&nbsp;<\/td><\/tr><\/tbody><\/table><\/figure>\n\n\n\n<hr class=\"wp-block-separator has-alpha-channel-opacity\"\/>\n\n\n\n<h2 class=\"wp-block-heading\">Gottem: Grondeigenaars in 1860.<\/h2>\n\n\n\n<p>Auteur: Gekiere Claude<br> <br>Publicatiejaar: 2015<br> <br>Het boek (166 blz) beschrijft het bezit van de onroerende eigendommen (landerijen en huizen) in het jaar 1860, jaar waarin de eerste offici\u00eble Popp-kaarten werden uitgebracht. Voor zover de eigenaars in die gemeente woonden, worden hun genealogische gegevens vermeld. Soms is ook de gebruiker gekend.<br>Zij die het werk aanschaffen, kunnen via mail de Popp-kaart van Gottem<br> (1860) in hoge resolutie bekomen.<br> Een <a href=\"https:\/\/www.familiekundedeinze.be\/index.php\/publicaties-2\/naamindex-gottem-grondeigenaars-in-1860\/\">index<\/a> geeft de namen weer die in het boek aan bod komen.<br><\/p>\n\n\n\n<figure class=\"wp-block-table\"><table><tbody><tr><td><strong>Verkrijgbaar in<\/strong><\/td><td><strong>Prijs boek\/CD\/Digitaal<\/strong><\/td><td><strong>Verzendingskosten<\/strong><\/td><\/tr><tr><td>Boekvorm<\/td><td>&nbsp;niet beschikbaar<\/td><td>&nbsp;<\/td><\/tr><tr><td>USB-stick of CD<\/td><td>10 \u20ac<\/td><td>5 \u20ac<\/td><\/tr><tr><td>Digitaal (WeTransfer)<\/td><td>10 \u20ac<\/td><td>0 \u20ac<\/td><\/tr><tr><td><strong>Opmerking:<\/strong><\/td><td colspan=\"2\">&nbsp;<\/td><\/tr><\/tbody><\/table><\/figure>\n\n\n\n<hr class=\"wp-block-separator has-alpha-channel-opacity\"\/>\n\n\n\n<h2 class=\"wp-block-heading\">Grammene: Grondeigenaars in 1865<\/h2>\n\n\n\n<p>Auteur: Gekiere Claude<br> <br>Publicatiejaar: 2015<br> <br>Het boek (150 blz) beschrijft het bezit van de onroerende eigendommen (landerijen en huizen) in het jaar 1865, jaar waarin de eerste offici\u00eble Popp-kaarten werden uitgebracht. Voor zover de eigenaars in die gemeente woonden, worden hun genealogische gegevens vermeld. Soms is ook de gebruiker gekend.<br><br>Zij die het werk aanschaffen, kunnen via mail de Popp-kaart van Grammene (1865) in hoge resolutie bekomen.<br> <br>Een <a href=\"https:\/\/www.familiekundedeinze.be\/index.php\/publicaties-2\/naamindex-grammene-grondeigenaars-in-1865\/\">index<\/a> geeft de namen weer die in het boek aan bod komen.<\/p>\n\n\n\n<figure class=\"wp-block-table\"><table><tbody><tr><td><strong>Verkrijgbaar in<\/strong><\/td><td><strong>Prijs boek\/CD\/Digitaal<\/strong><\/td><td><strong>Verzendingskosten<\/strong><\/td><\/tr><tr><td>Boekvorm<\/td><td>&nbsp;niet beschikbaar<\/td><td>&nbsp;<\/td><\/tr><tr><td>USB-stick of CD<\/td><td>10 \u20ac<\/td><td>5 \u20ac<\/td><\/tr><tr><td>Digitaal (WeTransfer)<\/td><td>10 \u20ac<\/td><td>0 \u20ac<\/td><\/tr><tr><td><strong>Opmerking:<\/strong><\/td><td colspan=\"2\">&nbsp;<\/td><\/tr><\/tbody><\/table><\/figure>\n\n\n\n<hr class=\"wp-block-separator has-alpha-channel-opacity\"\/>\n\n\n\n<h2 class=\"wp-block-heading\">Wontergem: Grondeigenaars in 1860<\/h2>\n\n\n\n<p>Auteur: Claude Gekiere<br> <br>Publicatiejaar: 2015<br> <br>Het boek (150 blz) beschrijft het bezit van de<br>onroerende eigendommen (landerijen en huizen) in het jaar 1860, jaar waarin de eerste offici\u00eble Popp-kaarten werden uitgebracht. Voor zover de<br>eigenaars in die gemeente woonden, worden hun genealogische gegevens<br>vermeld. Soms is ook de gebruiker gekend.<br>Zij die het werk aanschaffen, kunnen via mail de Popp-kaart van Wontergem (1860) in hoge resolutie bekomen.<br>Een <a href=\"https:\/\/www.familiekundedeinze.be\/index.php\/publicaties-2\/naamindex-wontergem-grondeigenaars-in-1860\/\">index<\/a> geeft de namen weer die in het boek aan bod komen.<\/p>\n\n\n\n<figure class=\"wp-block-table\"><table><tbody><tr><td><strong>Verkrijgbaar in<\/strong><\/td><td><strong>Prijs boek\/CD\/Digitaal<\/strong><\/td><td><strong>Verzendingskosten<\/strong><\/td><\/tr><tr><td>Boekvorm<\/td><td>&nbsp;niet beschikbaar<\/td><td>&nbsp;<\/td><\/tr><tr><td>USB-stick of CD<\/td><td>10 \u20ac<\/td><td>5 \u20ac<\/td><\/tr><tr><td>Digitaal (WeTransfer)<\/td><td>10 \u20ac<\/td><td>0 \u20ac<\/td><\/tr><tr><td><strong>Opmerking:<\/strong><\/td><td colspan=\"2\">&nbsp;<\/td><\/tr><\/tbody><\/table><\/figure>\n\n\n\n<hr class=\"wp-block-separator has-alpha-channel-opacity\"\/>\n\n\n\n<h2 class=\"wp-block-heading\">Vinkt: Grondeigenaars in 1860<\/h2>\n\n\n\n<p>Auteur: Gekiere Claude<br> <br>Publicatiejaar: 2015<br> <br>Het boek(246 blz.) beschrijft het bezit van de onroerende eigendommen (landerijen en huizen) in het jaar 1860, jaar waarin de eerste offici\u00eble Popp-kaarten werden uitgebracht. Voor zover de eigenaars in die gemeente woonden, worden hun genealogische gegevens vermeld. Soms is ook de gebruiker gekend.<br> <br>Zij die het werk aanschaffen, kunnen via mail de Popp-kaart (1860) van VINKT in hoge resolutie aanvragen.<br> <br>Een <a href=\"https:\/\/www.familiekundedeinze.be\/index.php\/publicaties-2\/naamindex-vinkt-grondeigenaars-in-1860\/\">index<\/a> geeft de namen weer die in het boek aan bod komen.<br><\/p>\n\n\n\n<figure class=\"wp-block-table\"><table><tbody><tr><td><strong>Verkrijgbaar in<\/strong><\/td><td><strong>Prijs boek\/CD\/Digitaal<\/strong><\/td><td><strong>Verzendingskosten<\/strong><\/td><\/tr><tr><td>Boekvorm<\/td><td>&nbsp;niet beschikbaar<\/td><td>&nbsp;<\/td><\/tr><tr><td>USB-stick of CD<\/td><td>10 \u20ac<\/td><td>5 \u20ac<\/td><\/tr><tr><td>Digitaal (WeTransfer)<\/td><td>10 \u20ac<\/td><td>0 \u20ac<\/td><\/tr><tr><td><strong>Opmerking:<\/strong><\/td><td colspan=\"2\">&nbsp;<\/td><\/tr><\/tbody><\/table><\/figure>\n\n\n\n<hr class=\"wp-block-separator has-alpha-channel-opacity\"\/>\n\n\n\n<h2 class=\"wp-block-heading\">Sint-Martens-Leerne: Grondeigenaars in 1833<\/h2>\n\n\n\n<p>Auteur: Gekiere Claude<br> <br>Publicatiejaar: 2014<br> <br>Het boek (74 blz ) beschrijft het bezit van de onroerende eigendommen (landerijen en huizen) in het jaar 1833. Voor zover de eigenaars in die gemeente woonden, worden hun genealogische gegevens vermeld. Soms is ook de gebruiker gekend. Tot slot wordt een vergelijking met het jaar 1865 qua eigenaars gemaakt, jaar waarin de eerste offici\u00eble Popp-kaarten werden uitgebracht. <br> <br>Zij die het werk aanschaffen, kunnen via mail de Popp-kaart van Sint-Martens-Leerne (1865) in hoge resolutie verkrijgen.<br> <br>Een <a href=\"https:\/\/www.familiekundedeinze.be\/wp-content\/uploads\/2015\/12\/naamindex_grondeig_SML.pdf\">index<\/a> geeft de namen weer die in het boek aan bod komen.<br> <br><\/p>\n\n\n\n<figure class=\"wp-block-table\"><table><tbody><tr><td><strong>Verkrijgbaar in<\/strong><\/td><td><strong>Prijs boek\/CD\/Digitaal<\/strong><\/td><td><strong>Verzendingskosten<\/strong><\/td><\/tr><tr><td>Boekvorm<\/td><td>&nbsp;niet beschikbaar<\/td><td>&nbsp;<\/td><\/tr><tr><td>USB-stick of CD<\/td><td>10 \u20ac<\/td><td>5 \u20ac<\/td><\/tr><tr><td>Digitaal (WeTransfer)<\/td><td>10 \u20ac<\/td><td>0 \u20ac<\/td><\/tr><tr><td><strong>Opmerking:<\/strong><\/td><td colspan=\"2\">&nbsp;<\/td><\/tr><\/tbody><\/table><\/figure>\n\n\n\n<hr class=\"wp-block-separator has-alpha-channel-opacity\"\/>\n\n\n\n<h2 class=\"wp-block-heading\">De staten van goed van Petegem-Buiten, Astene en van de heerlijkheden Van Den Hoorenschen, Stuivenberge en Hove <\/h2>\n\n\n\n<p>Auteur: Demuynck Guido<br> <br>Publicatiejaar: 2003<br> <\/p>\n\n\n\n<figure class=\"wp-block-table\"><table><tbody><tr><td><strong>Verkrijgbaar in<\/strong><\/td><td><strong>Prijs boek\/CD\/Digitaal<\/strong><\/td><td><strong>Verzendingskosten<\/strong><\/td><\/tr><tr><td>Boekvorm<\/td><td>&nbsp;niet meer beschikbaar<\/td><td>&nbsp;<\/td><\/tr><tr><td>USB-stick of CD<\/td><td>10 \u20ac<\/td><td>5 \u20ac<\/td><\/tr><tr><td>Digitaal (WeTransfer)<\/td><td>10 \u20ac<\/td><td>0 \u20ac<\/td><\/tr><tr><td><strong>Opmerking:<\/strong><\/td><td colspan=\"2\">&nbsp;<\/td><\/tr><\/tbody><\/table><\/figure>\n\n\n\n<hr class=\"wp-block-separator has-alpha-channel-opacity\"\/>\n\n\n\n<h2 class=\"wp-block-heading\">Oud Schrift in 10 lessen<\/h2>\n\n\n\n<figure class=\"wp-block-table\"><table><tbody><tr><td>Verkrijgbaar in<\/td><td>Prijs boek\/CD\/Digitaal<\/td><td>Verzendingskosten<\/td><\/tr><tr><td>Boekvorm<\/td><td>10 \u20ac<\/td><td>5 \u20ac<\/td><\/tr><tr><td>USB-stick of CD<\/td><td>niet meer beschikbaar&nbsp;<\/td><td>&nbsp;<\/td><\/tr><tr><td>Digitaal (WeTransfer)<\/td><td>niet meer beschikbaar&nbsp;<\/td><td>&nbsp;<\/td><\/tr><tr><td>Opmerking:<\/td><td colspan=\"2\">Nog 3 boeken beschikbaar (enkel in boekvorm)<\/td><\/tr><\/tbody><\/table><\/figure>\n\n\n\n<hr class=\"wp-block-separator has-alpha-channel-opacity\"\/>\n\n\n\n<h2 class=\"wp-block-heading\">Wegwijs in de Familiekunde: syllabus<\/h2>\n\n\n\n<figure class=\"wp-block-table\"><table><tbody><tr><td>Verkrijgbaar in<\/td><td>Prijs boek\/CD\/Digitaal<\/td><td>Verzendingskosten<\/td><\/tr><tr><td>Boekvorm<\/td><td>11 \u20ac<\/td><td>5 \u20ac<\/td><\/tr><tr><td>USB-stick of CD<\/td><td>&nbsp;niet meer beschikbaar<\/td><td>&nbsp;<\/td><\/tr><tr><td>Digitaal (WeTransfer)<\/td><td>&nbsp;niet meer beschikbaar<\/td><td>&nbsp;<\/td><\/tr><tr><td>Opmerking:<\/td><td colspan=\"2\">Nog 1 boek beschikbaar (enkel in boekvorm)<\/td><\/tr><\/tbody><\/table><\/figure>\n\n\n\n<hr class=\"wp-block-separator has-alpha-channel-opacity\"\/>\n\n\n\n<h2 class=\"wp-block-heading\">Wegwijs in de Familiekunde: bijlagen<\/h2>\n\n\n\n<figure class=\"wp-block-table\"><table><tbody><tr><td>Verkrijgbaar in<\/td><td>Prijs boek\/CD\/Digitaal<\/td><td>Verzendingskosten<\/td><\/tr><tr><td>Boekvorm<\/td><td>11 \u20ac<\/td><td>5 \u20ac<\/td><\/tr><tr><td>USB-stick of CD<\/td><td>&nbsp;niet meer beschikbaar<\/td><td>&nbsp;<\/td><\/tr><tr><td>Digitaal (WeTransfer)<\/td><td>&nbsp;niet meer beschikibaar<\/td><td>&nbsp;<\/td><\/tr><tr><td>Opmerking:<\/td><td colspan=\"2\">Nog 1 boek beschikbaar (enkel in boekvorm)<\/td><\/tr><\/tbody><\/table><\/figure>\n\n\n\n<hr class=\"wp-block-separator has-alpha-channel-opacity\"\/>\n\n\n\n<h2 class=\"wp-block-heading\">Boek: Vondelingen door de eeuwen heen<\/h2>\n\n\n\n<figure class=\"wp-block-table\"><table><tbody><tr><td>Verkrijgbaar in<\/td><td>Prijs boek\/CD\/Digitaal<\/td><td>Verzendingskosten<\/td><\/tr><tr><td>Boekvorm<\/td><td>10 \u20ac<\/td><td>5 \u20ac<\/td><\/tr><tr><td>USB-stick of CD<\/td><td>&nbsp;niet meer beschikbaar<\/td><td>&nbsp;<\/td><\/tr><tr><td>Digitaal (WeTransfer)<\/td><td>&nbsp;niet meer beschikbaar<\/td><td>&nbsp;<\/td><\/tr><tr><td>Opmerking:<\/td><td colspan=\"2\">Nog 3 boeken beschikbaar (enkel in boekvorm)<\/td><\/tr><\/tbody><\/table><\/figure>\n\n\n\n<hr class=\"wp-block-separator has-alpha-channel-opacity\"\/>\n\n\n\n<h2 class=\"wp-block-heading\">Gemeentescholen in Gottem en Grammene<\/h2>\n\n\n\n<figure class=\"wp-block-table\"><table><tbody><tr><td>Verkrijgbaar in<\/td><td>Prijs boek\/CD\/Digitaal<\/td><td>Verzendingskosten<\/td><\/tr><tr><td>Boekvorm<\/td><td>10 \u20ac<\/td><td>5 \u20ac<\/td><\/tr><tr><td>USB-stick of CD<\/td><td>niet beschikbaar&nbsp;<\/td><td>&nbsp;<\/td><\/tr><tr><td>Digitaal (WeTransfer)<\/td><td>niet beschikbaar<\/td><td>&nbsp;<\/td><\/tr><tr><td>Opmerking:<\/td><td colspan=\"2\">Nog 1 boek beschikbaar (enkel in boekvorm)<\/td><\/tr><\/tbody><\/table><\/figure>\n\n\n\n<hr class=\"wp-block-separator has-alpha-channel-opacity\"\/>\n\n\n\n<p><strong>Bestellen, afspraak voor afhalen\/verzenden en meer info kan <a href=\"https:\/\/www.familiekundedeinze.be\/index.php\/publicaties-aanbod\/\">hier<\/a><\/strong><\/p>\n\n\n\n<p><\/p>\n\n\n\n<p>Verzending (mail) via WeTransfer: gratis (WeTransfer is een gratis dienst waarmee we een link naar bestanden tot 2 Gb kunnen doorsturen naar je e-mailadres.)<\/p>\n\n\n\n<p><strong>Rekeningnr. Familiekunde Deinze: <br>IBAN: BE24 0832 7311 6738 \/ BIC: GKCCBEBB<\/strong><\/p>\n\n\n\n<p>Alle publicaties kunnen in ons archief worden geraadpleegd.<br>Verzending boek(en) vooraf contact opnemen voor de verzendkosten\n\n<\/p>\n\n\n\n<p><\/p>\n\n\n\n<p><\/p>\n\n\n\n<p><\/p>\n","protected":false},"excerpt":{"rendered":"<p>Voor bestellingen, afspraak voor afhalen\/verzenden en meer info : Plaats uw bestelling\/vraag via dit formulier Verzendingskosten: Rekeningnr. Familiekunde Deinze:IBAN: BE24 0832 7311 6738 \/ BIC: GKCCBEBB Alle publicaties kunnen in ons archief worden geraadpleegd. Weldaad en straf &#8211; Nieuwe uitgave bij FV Deinze In de Rijksweldadigheidskolonie van Merksplas en Wortel (prov. Antwerpen) werden veel personen [&hellip;]<\/p>\n","protected":false},"author":10,"featured_media":0,"parent":0,"menu_order":0,"comment_status":"closed","ping_status":"closed","template":"","meta":{"footnotes":""},"class_list":["post-3199","page","type-page","status-publish","hentry"],"_links":{"self":[{"href":"https:\/\/www.familiekundedeinze.be\/index.php\/wp-json\/wp\/v2\/pages\/3199","targetHints":{"allow":["GET"]}}],"collection":[{"href":"https:\/\/www.familiekundedeinze.be\/index.php\/wp-json\/wp\/v2\/pages"}],"about":[{"href":"https:\/\/www.familiekundedeinze.be\/index.php\/wp-json\/wp\/v2\/types\/page"}],"author":[{"embeddable":true,"href":"https:\/\/www.familiekundedeinze.be\/index.php\/wp-json\/wp\/v2\/users\/10"}],"replies":[{"embeddable":true,"href":"https:\/\/www.familiekundedeinze.be\/index.php\/wp-json\/wp\/v2\/comments?post=3199"}],"version-history":[{"count":114,"href":"https:\/\/www.familiekundedeinze.be\/index.php\/wp-json\/wp\/v2\/pages\/3199\/revisions"}],"predecessor-version":[{"id":7359,"href":"https:\/\/www.familiekundedeinze.be\/index.php\/wp-json\/wp\/v2\/pages\/3199\/revisions\/7359"}],"wp:attachment":[{"href":"https:\/\/www.familiekundedeinze.be\/index.php\/wp-json\/wp\/v2\/media?parent=3199"}],"curies":[{"name":"wp","href":"https:\/\/api.w.org\/{rel}","templated":true}]}}